{"id":46,"date":"2021-02-17T08:46:27","date_gmt":"2021-02-17T07:46:27","guid":{"rendered":"http:\/\/cranio-room.com\/?page_id=46"},"modified":"2021-04-07T21:42:52","modified_gmt":"2021-04-07T19:42:52","slug":"stimmen","status":"publish","type":"page","link":"https:\/\/www.cranio-room.com\/de\/stimmen\/","title":{"rendered":"Stimmen"},"content":{"rendered":"\n<h2 class=\"wp-block-heading\">Stimmen<\/h2>\n\n\n\n<p>\u201eDie verfeinerte Arbeit, die Barbara anbietet, hat mir eine tiefe Integration von dem gegeben, was in mir Unterst\u00fctzung brauchte.\u00a0Der Prozess, den sie \u00fcber K\u00f6rper, Geist und Seele ausl\u00f6st, ist von beeindruckender Qualit\u00e4t.\u00a0Ich bin sehr dankbar f\u00fcr die kostbaren Erfahrungen, die sie mir und Klienten gegeben hat, die ich an sie verwiesen habe.\u201c<br><strong>Ria Verlinden<\/strong>, <a href=\"https:\/\/the7thc.be\">https:\/\/the7thc.be<\/a><\/p>\n\n\n\n<p><\/p>\n\n\n\n<p>\u201eWenn Barbara unsere Sitzung beginnt und sanft meine Kn\u00f6chel h\u00e4lt, habe ich das Gef\u00fchl, tief unten auf den Meeresgrund zu sinken.&nbsp;Langsam steigt alles, was in meinem Herzen schwebt, an die Oberfl\u00e4che.&nbsp;Meine Gedanken kl\u00e4ren sich &#8211; ich komme nach Hause.\u201c<br><strong>Carola von Bismarck,<\/strong> <a href=\"http:\/\/carola-von-bismarck.de\">http:\/\/carola-von-bismarck.de<\/a><\/p>\n\n\n\n<p class=\"references\"><\/p>\n\n\n\n<p>&#8222;Barbara ist seit vielen Jahren eine kostbare Begleiterin in der craniosacralen K\u00f6rperarbeit.&nbsp;In ihrer Gegenwart f\u00fchle ich mich gesehen und mit meinen Herausforderungen angenommen.&nbsp;Ihre tiefe Empathie und ihr unendlicher Respekt vor der Resonanz in meinem K\u00f6rper und meinem Geist haben mir erm\u00f6glicht, immer neue Heilungsimpulse zu erfahren und auf meiner inneren Reise voranzukommen.\u201c<br><strong>Anja Kayser<\/strong>, <a href=\"http:\/\/www.kayseranja.de\">http:\/\/www.kayseranja.de<\/a><\/p>\n\n\n\n<p><\/p>\n\n\n\n<p>\u201eIch freue mich sehr \u00fcber Behandlungen von Barbara.&nbsp;Ich bin selbst in craniosacraler biodynamischer Arbeit ausgebildet und teile diesen sanften und so tiefgreifenden Ansatz. Barbara schafft eine Atmosph\u00e4re aus Stille und Empathie, die zutiefst unterst\u00fctzend wirkt. Sie ist eine Meisterin in der Kombination ihrer technischen F\u00e4higkeiten mit einer tiefen und sanften Intuivit\u00e4t.&nbsp; Sitzungen mit ihr sind immer wieder anders: k\u00f6rperliche Spannungen lassen nach, das Nervensystem beruhigt sich, Schmerzen werden gel\u00f6st, eine tiefe Entspannung tritt ein. Ein Gef\u00fchl der Leichtigkeit. Farben und Muster tauchen auf. Erinnerungen werden lebendig. Jedes Mal ist es eine Erfahrung, die das K\u00f6rper &#8211; und Selbst-Bewusstsein vertieft.&#8220;<br><strong>Olena Nesporova<\/strong>, Makrame Studio <a href=\"https:\/\/bit.ly\/2KivO2D\">https:\/\/bit.ly\/2KivO2D<\/a><\/p>\n\n\n\n<p><\/p>\n\n\n\n<p>\u201eIch habe mich in Barbaras H\u00e4nde gelegt, um zu sehen, ob craniosacrale Arbeit f\u00fcr meine Klienten als Ern\u00e4hrungsberaterin eine gute Erg\u00e4nzung sein k\u00f6nnen.&nbsp;Wenn ich mit einem Wort beschreiben w\u00fcrde, wie ich mich nach meiner ersten Sitzung gef\u00fchlt habe, ist es \u00ableichter\u00bb &#8211; ein wunderbarer Anfang f\u00fcr alle, die auf K\u00f6rperebene arbeiten m\u00f6chten.&nbsp;Die zweite Sitzung war \u00abtiefgreifend\u00bb und f\u00fchlte sich \u00e4u\u00dferst heilsam und friedlich an.&nbsp; Diese Arbeit er\u00f6ffnet M\u00f6glichkeiten f\u00fcr sehr tiefe innere Prozesse.&nbsp; Barbara ist eine sehr erfahrene Therapeutin, die \u00fcber viel Lebenserfahrung verf\u00fcgt und der man vertrauen kann.&#8220; <br><strong>Teresa Fernandez-Gil<\/strong>, <a href=\"http:\/\/teresafernandez-gil.com\/\">teresafernandez-gil.com<\/a><\/p>\n\n\n\n<p><em>\u201e<\/em>Meine Erfahrungen mit Barbaras craniosacralen Behandlungen in meinem Burnout sind schwer in Worte zu fassen. Sie wirkten sehr beruhigend.&nbsp;Sie gaben mir inneren Frieden und zauberten ein L\u00e4cheln auf meine Lippen.&nbsp;Die Gef\u00fchle waren in jeder Sitzung ganz unterschiedlich.&nbsp;Einmal f\u00fchlte ich mich wie ein K\u00f6nig aus alten Zeiten, ein anderes Mal absolut frei.&nbsp;Die Craniosacral Therapie hat mir geholfen zu erkennen, dass es in meinen H\u00e4nden liegt, wie ich meinem Leben gestalte.&nbsp;Ein gro\u00dfer Gewinn war auch, bei den Behandlungen mit Barbara zu sprechen. Sie ist eine au\u00dfergew\u00f6hnliche Zuh\u00f6rerin mit einem besonders hohem Einf\u00fchlungsverm\u00f6gen f\u00fcr Patienten mit Burnout.&nbsp;Das Gespr\u00e4ch mit einem Menschen, der so viel wei\u00df und wirklich zuh\u00f6rt, hat mir ein tiefes Gef\u00fchl der Erleichterung gegeben \u2013 und auch wichtige Ratschl\u00e4ge f\u00fcr meinen k\u00fcnftigen Weg.\u201c<br><strong>Alexandr<\/strong><\/p>\n\n\n\n<p><\/p>\n\n\n\n<p>Ich empfehle dringend, eine Behandlung von Barbara zu versuchen.&nbsp;Sie ist freundlich und f\u00fcrsorglich, und ihre F\u00e4higkeit, Mitgef\u00fchl und heilende Kraft zu vereinen, wirkt Wunder f\u00fcr eine tiefere Entspannung und den Ausgleich des physischen und mentalen Systems.&#8220;<br><strong>Lise<\/strong><\/p>\n\n\n\n<p><\/p>\n\n\n\n<p>\u201eIch kam zu Barbara, als ich nach einem Weg aus einem Burnout suchte.&nbsp;Ich hatte das Gef\u00fchl, dass Craniosacral Therapie mir helfen k\u00f6nnte, die Anspannung und den Stress, die ich in meinem K\u00f6rper f\u00fchlte, zu l\u00f6sen und mich auf einer tieferen Ebene mit mir selbst zu verbinden.&nbsp;Barbaras Ansatz ist sehr sanft und einf\u00fchlsam.&nbsp;Sie ist eine sehr engagierte und aufmerksame Therapeutin, die \u00fcber viel Wissen verf\u00fcgt.&nbsp;Sitzungen mit ihr f\u00fchlen sich an wie eine Reise. Jedes Mal ist es eine andere Erfahrung und es h\u00e4lt in mir an.&nbsp;Ich erinnere mich lebhaft an das Gef\u00fchl, wie ich mich in einer Sitzung wie ein kleines Kind ganz sanft gewiegt f\u00fchlte.&nbsp;In den Tagen danach wurde ich \u00fcberraschend gelassen und f\u00fchlte, dass mein K\u00f6rper alte Spannungen&nbsp;loslassen konnte.\u201c<br><strong>Linda<\/strong><\/p>\n","protected":false},"excerpt":{"rendered":"<p>Stimmen \u201eDie verfeinerte Arbeit, die Barbara anbietet, hat mir eine tiefe Integration von dem gegeben, was in mir Unterst\u00fctzung brauchte.\u00a0Der Prozess, den sie \u00fcber K\u00f6rper, Geist und Seele ausl\u00f6st, ist von beeindruckender Qualit\u00e4t.\u00a0Ich bin sehr dankbar f\u00fcr die kostbaren Erfahrungen, die sie mir und Klienten gegeben hat, die ich an sie verwiesen habe.\u201cRia Verlinden, https:\/\/the7thc.be &hellip;<\/p>\n","protected":false},"author":1,"featured_media":24,"parent":0,"menu_order":0,"comment_status":"closed","ping_status":"closed","template":"","meta":{"footnotes":""},"class_list":["post-46","page","type-page","status-publish","has-post-thumbnail","hentry"],"yoast_head":"<!-- This site is optimized with the Yoast SEO plugin v27.4 - https:\/\/yoast.com\/product\/yoast-seo-wordpress\/ -->\n<title>Stimmen - Barbara von Freytag | Craniosacrale K\u00f6rperarbeit in Berlin<\/title>\n<meta name=\"description\" content=\"Stimmen - Craniosacrale K\u00f6rperarbeit | sanfte manuelle Ber\u00fchrung zur L\u00f6sung tieferer K\u00f6rperspannungen &amp; eingeschr\u00e4nkter Energiefelder\" \/>\n<meta name=\"robots\" content=\"index, follow, max-snippet:-1, max-image-preview:large, max-video-preview:-1\" \/>\n<link rel=\"canonical\" href=\"https:\/\/www.cranio-room.com\/de\/stimmen\/\" \/>\n<meta property=\"og:locale\" content=\"de_DE\" \/>\n<meta property=\"og:locale:alternate\" content=\"en_UK\" \/>\n<meta property=\"og:type\" content=\"article\" \/>\n<meta property=\"og:title\" content=\"Stimmen - Barbara von Freytag | Craniosacrale K\u00f6rperarbeit in Berlin\" \/>\n<meta property=\"og:description\" content=\"Stimmen - Craniosacrale K\u00f6rperarbeit | sanfte manuelle Ber\u00fchrung zur L\u00f6sung tieferer K\u00f6rperspannungen &amp; eingeschr\u00e4nkter Energiefelder\" \/>\n<meta property=\"og:url\" content=\"https:\/\/www.cranio-room.com\/de\/stimmen\/\" \/>\n<meta property=\"og:site_name\" content=\"Cranio Room\" \/>\n<meta property=\"article:modified_time\" content=\"2021-04-07T19:42:52+00:00\" \/>\n<meta property=\"og:image\" content=\"https:\/\/www.cranio-room.com\/wp-content\/uploads\/2021\/02\/craniosacral_references.jpg\" \/>\n\t<meta property=\"og:image:width\" content=\"935\" \/>\n\t<meta property=\"og:image:height\" content=\"460\" \/>\n\t<meta property=\"og:image:type\" content=\"image\/jpeg\" \/>\n<meta name=\"twitter:card\" content=\"summary_large_image\" \/>\n<meta name=\"twitter:label1\" content=\"Gesch\u00e4tzte Lesezeit\" \/>\n\t<meta name=\"twitter:data1\" content=\"3\u00a0Minuten\" \/>\n<script type=\"application\/ld+json\" class=\"yoast-schema-graph\">{\"@context\":\"https:\\\/\\\/schema.org\",\"@graph\":[{\"@type\":\"WebPage\",\"@id\":\"https:\\\/\\\/www.cranio-room.com\\\/de\\\/stimmen\\\/\",\"url\":\"https:\\\/\\\/www.cranio-room.com\\\/de\\\/stimmen\\\/\",\"name\":\"Stimmen - Barbara von Freytag | Craniosacrale K\u00f6rperarbeit in Berlin\",\"isPartOf\":{\"@id\":\"https:\\\/\\\/www.cranio-room.com\\\/#website\"},\"primaryImageOfPage\":{\"@id\":\"https:\\\/\\\/www.cranio-room.com\\\/de\\\/stimmen\\\/#primaryimage\"},\"image\":{\"@id\":\"https:\\\/\\\/www.cranio-room.com\\\/de\\\/stimmen\\\/#primaryimage\"},\"thumbnailUrl\":\"https:\\\/\\\/www.cranio-room.com\\\/wp-content\\\/uploads\\\/2021\\\/02\\\/craniosacral_references.jpg\",\"datePublished\":\"2021-02-17T07:46:27+00:00\",\"dateModified\":\"2021-04-07T19:42:52+00:00\",\"description\":\"Stimmen - Craniosacrale K\u00f6rperarbeit | sanfte manuelle Ber\u00fchrung zur L\u00f6sung tieferer K\u00f6rperspannungen & eingeschr\u00e4nkter Energiefelder\",\"breadcrumb\":{\"@id\":\"https:\\\/\\\/www.cranio-room.com\\\/de\\\/stimmen\\\/#breadcrumb\"},\"inLanguage\":\"de-DE\",\"potentialAction\":[{\"@type\":\"ReadAction\",\"target\":[\"https:\\\/\\\/www.cranio-room.com\\\/de\\\/stimmen\\\/\"]}]},{\"@type\":\"ImageObject\",\"inLanguage\":\"de-DE\",\"@id\":\"https:\\\/\\\/www.cranio-room.com\\\/de\\\/stimmen\\\/#primaryimage\",\"url\":\"https:\\\/\\\/www.cranio-room.com\\\/wp-content\\\/uploads\\\/2021\\\/02\\\/craniosacral_references.jpg\",\"contentUrl\":\"https:\\\/\\\/www.cranio-room.com\\\/wp-content\\\/uploads\\\/2021\\\/02\\\/craniosacral_references.jpg\",\"width\":935,\"height\":460,\"caption\":\"Rose\"},{\"@type\":\"BreadcrumbList\",\"@id\":\"https:\\\/\\\/www.cranio-room.com\\\/de\\\/stimmen\\\/#breadcrumb\",\"itemListElement\":[{\"@type\":\"ListItem\",\"position\":1,\"name\":\"Startseite\",\"item\":\"https:\\\/\\\/www.cranio-room.com\\\/de\\\/\"},{\"@type\":\"ListItem\",\"position\":2,\"name\":\"Stimmen\"}]},{\"@type\":\"WebSite\",\"@id\":\"https:\\\/\\\/www.cranio-room.com\\\/#website\",\"url\":\"https:\\\/\\\/www.cranio-room.com\\\/\",\"name\":\"Cranio Room\",\"description\":\"Barbara von Freytag | Cranio Room\",\"publisher\":{\"@id\":\"https:\\\/\\\/www.cranio-room.com\\\/#\\\/schema\\\/person\\\/9885151246b8c7a4f807e339b6c72f99\"},\"potentialAction\":[{\"@type\":\"SearchAction\",\"target\":{\"@type\":\"EntryPoint\",\"urlTemplate\":\"https:\\\/\\\/www.cranio-room.com\\\/?s={search_term_string}\"},\"query-input\":{\"@type\":\"PropertyValueSpecification\",\"valueRequired\":true,\"valueName\":\"search_term_string\"}}],\"inLanguage\":\"de-DE\"},{\"@type\":[\"Person\",\"Organization\"],\"@id\":\"https:\\\/\\\/www.cranio-room.com\\\/#\\\/schema\\\/person\\\/9885151246b8c7a4f807e339b6c72f99\",\"name\":\"stephanie\",\"image\":{\"@type\":\"ImageObject\",\"inLanguage\":\"de-DE\",\"@id\":\"https:\\\/\\\/www.cranio-room.com\\\/wp-content\\\/uploads\\\/2021\\\/02\\\/craniosacral_logo.png\",\"url\":\"https:\\\/\\\/www.cranio-room.com\\\/wp-content\\\/uploads\\\/2021\\\/02\\\/craniosacral_logo.png\",\"contentUrl\":\"https:\\\/\\\/www.cranio-room.com\\\/wp-content\\\/uploads\\\/2021\\\/02\\\/craniosacral_logo.png\",\"width\":174,\"height\":175,\"caption\":\"stephanie\"},\"logo\":{\"@id\":\"https:\\\/\\\/www.cranio-room.com\\\/wp-content\\\/uploads\\\/2021\\\/02\\\/craniosacral_logo.png\"}}]}<\/script>\n<!-- \/ Yoast SEO plugin. -->","yoast_head_json":{"title":"Stimmen - Barbara von Freytag | Craniosacrale K\u00f6rperarbeit in Berlin","description":"Stimmen - Craniosacrale K\u00f6rperarbeit | sanfte manuelle Ber\u00fchrung zur L\u00f6sung tieferer K\u00f6rperspannungen & eingeschr\u00e4nkter Energiefelder","robots":{"index":"index","follow":"follow","max-snippet":"max-snippet:-1","max-image-preview":"max-image-preview:large","max-video-preview":"max-video-preview:-1"},"canonical":"https:\/\/www.cranio-room.com\/de\/stimmen\/","og_locale":"de_DE","og_type":"article","og_title":"Stimmen - Barbara von Freytag | Craniosacrale K\u00f6rperarbeit in Berlin","og_description":"Stimmen - Craniosacrale K\u00f6rperarbeit | sanfte manuelle Ber\u00fchrung zur L\u00f6sung tieferer K\u00f6rperspannungen & eingeschr\u00e4nkter Energiefelder","og_url":"https:\/\/www.cranio-room.com\/de\/stimmen\/","og_site_name":"Cranio Room","article_modified_time":"2021-04-07T19:42:52+00:00","og_image":[{"width":935,"height":460,"url":"https:\/\/www.cranio-room.com\/wp-content\/uploads\/2021\/02\/craniosacral_references.jpg","type":"image\/jpeg"}],"twitter_card":"summary_large_image","twitter_misc":{"Gesch\u00e4tzte Lesezeit":"3\u00a0Minuten"},"schema":{"@context":"https:\/\/schema.org","@graph":[{"@type":"WebPage","@id":"https:\/\/www.cranio-room.com\/de\/stimmen\/","url":"https:\/\/www.cranio-room.com\/de\/stimmen\/","name":"Stimmen - Barbara von Freytag | Craniosacrale K\u00f6rperarbeit in Berlin","isPartOf":{"@id":"https:\/\/www.cranio-room.com\/#website"},"primaryImageOfPage":{"@id":"https:\/\/www.cranio-room.com\/de\/stimmen\/#primaryimage"},"image":{"@id":"https:\/\/www.cranio-room.com\/de\/stimmen\/#primaryimage"},"thumbnailUrl":"https:\/\/www.cranio-room.com\/wp-content\/uploads\/2021\/02\/craniosacral_references.jpg","datePublished":"2021-02-17T07:46:27+00:00","dateModified":"2021-04-07T19:42:52+00:00","description":"Stimmen - Craniosacrale K\u00f6rperarbeit | sanfte manuelle Ber\u00fchrung zur L\u00f6sung tieferer K\u00f6rperspannungen & eingeschr\u00e4nkter Energiefelder","breadcrumb":{"@id":"https:\/\/www.cranio-room.com\/de\/stimmen\/#breadcrumb"},"inLanguage":"de-DE","potentialAction":[{"@type":"ReadAction","target":["https:\/\/www.cranio-room.com\/de\/stimmen\/"]}]},{"@type":"ImageObject","inLanguage":"de-DE","@id":"https:\/\/www.cranio-room.com\/de\/stimmen\/#primaryimage","url":"https:\/\/www.cranio-room.com\/wp-content\/uploads\/2021\/02\/craniosacral_references.jpg","contentUrl":"https:\/\/www.cranio-room.com\/wp-content\/uploads\/2021\/02\/craniosacral_references.jpg","width":935,"height":460,"caption":"Rose"},{"@type":"BreadcrumbList","@id":"https:\/\/www.cranio-room.com\/de\/stimmen\/#breadcrumb","itemListElement":[{"@type":"ListItem","position":1,"name":"Startseite","item":"https:\/\/www.cranio-room.com\/de\/"},{"@type":"ListItem","position":2,"name":"Stimmen"}]},{"@type":"WebSite","@id":"https:\/\/www.cranio-room.com\/#website","url":"https:\/\/www.cranio-room.com\/","name":"Cranio Room","description":"Barbara von Freytag | Cranio Room","publisher":{"@id":"https:\/\/www.cranio-room.com\/#\/schema\/person\/9885151246b8c7a4f807e339b6c72f99"},"potentialAction":[{"@type":"SearchAction","target":{"@type":"EntryPoint","urlTemplate":"https:\/\/www.cranio-room.com\/?s={search_term_string}"},"query-input":{"@type":"PropertyValueSpecification","valueRequired":true,"valueName":"search_term_string"}}],"inLanguage":"de-DE"},{"@type":["Person","Organization"],"@id":"https:\/\/www.cranio-room.com\/#\/schema\/person\/9885151246b8c7a4f807e339b6c72f99","name":"stephanie","image":{"@type":"ImageObject","inLanguage":"de-DE","@id":"https:\/\/www.cranio-room.com\/wp-content\/uploads\/2021\/02\/craniosacral_logo.png","url":"https:\/\/www.cranio-room.com\/wp-content\/uploads\/2021\/02\/craniosacral_logo.png","contentUrl":"https:\/\/www.cranio-room.com\/wp-content\/uploads\/2021\/02\/craniosacral_logo.png","width":174,"height":175,"caption":"stephanie"},"logo":{"@id":"https:\/\/www.cranio-room.com\/wp-content\/uploads\/2021\/02\/craniosacral_logo.png"}}]}},"_links":{"self":[{"href":"https:\/\/www.cranio-room.com\/de\/wp-json\/wp\/v2\/pages\/46","targetHints":{"allow":["GET"]}}],"collection":[{"href":"https:\/\/www.cranio-room.com\/de\/wp-json\/wp\/v2\/pages"}],"about":[{"href":"https:\/\/www.cranio-room.com\/de\/wp-json\/wp\/v2\/types\/page"}],"author":[{"embeddable":true,"href":"https:\/\/www.cranio-room.com\/de\/wp-json\/wp\/v2\/users\/1"}],"replies":[{"embeddable":true,"href":"https:\/\/www.cranio-room.com\/de\/wp-json\/wp\/v2\/comments?post=46"}],"version-history":[{"count":7,"href":"https:\/\/www.cranio-room.com\/de\/wp-json\/wp\/v2\/pages\/46\/revisions"}],"predecessor-version":[{"id":249,"href":"https:\/\/www.cranio-room.com\/de\/wp-json\/wp\/v2\/pages\/46\/revisions\/249"}],"wp:featuredmedia":[{"embeddable":true,"href":"https:\/\/www.cranio-room.com\/de\/wp-json\/wp\/v2\/media\/24"}],"wp:attachment":[{"href":"https:\/\/www.cranio-room.com\/de\/wp-json\/wp\/v2\/media?parent=46"}],"curies":[{"name":"wp","href":"https:\/\/api.w.org\/{rel}","templated":true}]}}