{"id":42,"date":"2021-02-17T08:45:41","date_gmt":"2021-02-17T07:45:41","guid":{"rendered":"http:\/\/cranio-room.com\/?page_id=42"},"modified":"2021-03-29T11:20:09","modified_gmt":"2021-03-29T09:20:09","slug":"ueber-mich","status":"publish","type":"page","link":"https:\/\/www.cranio-room.com\/de\/ueber-mich\/","title":{"rendered":"\u00dcber mich"},"content":{"rendered":"\n<h2 class=\"wp-block-heading\">\u00dcber mich<\/h2>\n\n\n\n<div class=\"wp-block-columns is-layout-flex wp-container-core-columns-is-layout-9d6595d7 wp-block-columns-is-layout-flex\">\n<div class=\"wp-block-column is-layout-flow wp-block-column-is-layout-flow\" style=\"flex-basis:66.66%\">\n<p>Ich entdeckte die craniosacrale Therapie nach der Geburt meines Sohnes.&nbsp;Ich hatte mich auf eine Wassergeburt vorbereitet, doch das Baby kam mit Kaiserschnitt auf die Welt.&nbsp;Am n\u00e4chsten Tag erschien ein junger Mann, um das Neugeborene zu behandeln.&nbsp;Er setzte sich und begann mit schwebenden H\u00e4nden sanft \u00fcber den winzigen K\u00f6rper zu gleiten. Obwohl in direktem Kontakt, schien er das Kind kaum zu ber\u00fchren.&nbsp;Ich lag neben meinem Sohn und f\u00fchlte mich in eine tiefe Welle der Entspannung hineingezogen.&nbsp;Noch eng mit dem Kind verbunden, ging ich mit auf seine Reise und f\u00fchlte mich wunderbar gehalten, und gleichzeitig leicht und schwerelos.<\/p>\n\n\n\n<p>Mit dieser Begegnung begann eine lange Reise auf die Spur der craniosacralen Welle.&nbsp;Nach einigen ersten Seminaren hatte ich das Gl\u00fcck, auf den Ausbildungsweg von Visionary Craniosacral Work\u00ae gef\u00fchrt zu werden. Das international angesehene Lehrprogramm ist von dem Osteopathen und Cranioscral-Therapeuten Hugh Milne und dem Milne Institute entwickelt worden. Die Praxis verbindet die verschiedenen Richtungen der craniosacralen Arbeit, die sich in den letzten Jahrzehnten herausgebildet haben (mechanisch, energetisch, biodynamisch &#038; vision\u00e4r), und f\u00fchrt sie auf eine wunderbare Weise zusammen. In der vision\u00e4ren Craniosacral-Arbeit f\u00fchle ich, dass ich \u201ezu Hause\u201c angekommen bin.<\/p>\n\n\n\n<p>Dieses Zuhause zu finden war f\u00fcr mich besonders kostbar, da ich lange Jahre in verschiedenen L\u00e4ndern gelebt habe. Durch meine Familie habe ich einen deutsch-finnischen Hintergrund. Dazu habe ich in England, \u00d6sterreich, Frankreich, Russland, der Tschechischen Republik und zuletzt in Belgien gelebt.&nbsp;Lange habe ich in diesen Jahren als Journalistin und Russlandexpertin gearbeitet, immer mit Schwerpunkt auf zivilgesellschaftliche Initiativen und b\u00fcrgerlichen Aktivismus. Der Glaube an die pers\u00f6nliche Erm\u00e4chtigung jedes einzelnen Menschen zieht sich durch mein Leben wie ein feiner Faden.<\/p>\n\n\n\n<p>Je mehr ich die <strong>W e i t e<\/strong> der Welt erlebte, umso gr\u00f6\u00dfer wuchs in mir die Sehnsucht nach <strong>T i e f e.<\/strong> Bei allen \u00e4u\u00dferen Ver\u00e4nderungen ist es unsere innere Reise, &nbsp;die uns zu dem macht, wer wir sind.&nbsp;Und was ich immer wieder gelernt habe: wir m\u00fcssen mit unseren Wurzeln verbunden sein, um fliegen zu k\u00f6nnen.<\/p>\n\n\n\n<p>Der tiefe Wert der craniosacralen Arbeit besteht f\u00fcr mich darin, dass sie hilft uns zu verbinden &#8211; mit unserem inneren Fluss, unserem Herzen, unserer ganz eigenen Essenz. Ich liebe die vision\u00e4re craniosacrale Arbeit, weil sie technische und intuitive F\u00e4higkeiten in ein sanftes Zusammenspiel bringt, um mit dem Pulsieren von K\u00f6rper, Geist und Seele in Resonanz zu kommen.&nbsp;Immer wieder erstaune ich, wie die zarteste Ber\u00fchrung eine tiefgreifende Entlastung und bessere Selbstregulierung ausl\u00f6sen kann.<\/p>\n\n\n\n<p>Stille, Empathie und Respekt stehen im Mittelpunkt meiner Arbeit.<\/p>\n<\/div>\n\n\n\n<div class=\"wp-block-column is-layout-flow wp-block-column-is-layout-flow\" style=\"flex-basis:33.33%\">\n<div class=\"wp-block-image zitat\"><figure class=\"aligncenter size-large is-resized\"><a href=\"http:\/\/www.cranio-room.com\/wp-content\/uploads\/2021\/02\/craniosacral_zitat03d.png\"><img loading=\"lazy\" decoding=\"async\" src=\"http:\/\/www.cranio-room.com\/wp-content\/uploads\/2021\/02\/craniosacral_zitat03d.png\" alt=\"Craniosacral - Zitat\" class=\"wp-image-30\" width=\"150\" height=\"150\" srcset=\"https:\/\/www.cranio-room.com\/wp-content\/uploads\/2021\/02\/craniosacral_zitat03d.png 176w, https:\/\/www.cranio-room.com\/wp-content\/uploads\/2021\/02\/craniosacral_zitat03d-150x150.png 150w\" sizes=\"auto, (max-width: 150px) 100vw, 150px\" \/><\/a><\/figure><\/div>\n<\/div>\n<\/div>\n","protected":false},"excerpt":{"rendered":"<p>\u00dcber mich Ich entdeckte die craniosacrale Therapie nach der Geburt meines Sohnes.&nbsp;Ich hatte mich auf eine Wassergeburt vorbereitet, doch das Baby kam mit Kaiserschnitt auf die Welt.&nbsp;Am n\u00e4chsten Tag erschien ein junger Mann, um das Neugeborene zu behandeln.&nbsp;Er setzte sich und begann mit schwebenden H\u00e4nden sanft \u00fcber den winzigen K\u00f6rper zu gleiten. Obwohl in direktem &hellip;<\/p>\n","protected":false},"author":1,"featured_media":15,"parent":0,"menu_order":0,"comment_status":"closed","ping_status":"closed","template":"","meta":{"footnotes":""},"class_list":["post-42","page","type-page","status-publish","has-post-thumbnail","hentry"],"yoast_head":"<!-- This site is optimized with the Yoast SEO plugin v27.4 - https:\/\/yoast.com\/product\/yoast-seo-wordpress\/ -->\n<title>\u00dcber mich - Barbara von Freytag | Craniosacrale K\u00f6rperarbeit in Berlin<\/title>\n<meta name=\"description\" content=\"\u00dcber mich - Craniosacrale K\u00f6rperarbeit | sanfte manuelle Ber\u00fchrung zur L\u00f6sung tieferer K\u00f6rperspannungen &amp; eingeschr\u00e4nkter Energiefelder\" \/>\n<meta name=\"robots\" content=\"index, follow, max-snippet:-1, max-image-preview:large, max-video-preview:-1\" \/>\n<link rel=\"canonical\" href=\"https:\/\/www.cranio-room.com\/de\/ueber-mich\/\" \/>\n<meta property=\"og:locale\" content=\"de_DE\" \/>\n<meta property=\"og:locale:alternate\" content=\"en_UK\" \/>\n<meta property=\"og:type\" content=\"article\" \/>\n<meta property=\"og:title\" content=\"\u00dcber mich - Barbara von Freytag | Craniosacrale K\u00f6rperarbeit in Berlin\" \/>\n<meta property=\"og:description\" content=\"\u00dcber mich - Craniosacrale K\u00f6rperarbeit | sanfte manuelle Ber\u00fchrung zur L\u00f6sung tieferer K\u00f6rperspannungen &amp; eingeschr\u00e4nkter Energiefelder\" \/>\n<meta property=\"og:url\" content=\"https:\/\/www.cranio-room.com\/de\/ueber-mich\/\" \/>\n<meta property=\"og:site_name\" content=\"Cranio Room\" \/>\n<meta property=\"article:modified_time\" content=\"2021-03-29T09:20:09+00:00\" \/>\n<meta property=\"og:image\" content=\"https:\/\/www.cranio-room.com\/wp-content\/uploads\/2021\/02\/barbaravonfreytag.png\" \/>\n\t<meta property=\"og:image:width\" content=\"935\" \/>\n\t<meta property=\"og:image:height\" content=\"460\" \/>\n\t<meta property=\"og:image:type\" content=\"image\/png\" \/>\n<meta name=\"twitter:card\" content=\"summary_large_image\" \/>\n<meta name=\"twitter:label1\" content=\"Gesch\u00e4tzte Lesezeit\" \/>\n\t<meta name=\"twitter:data1\" content=\"2\u00a0Minuten\" \/>\n<script type=\"application\/ld+json\" class=\"yoast-schema-graph\">{\"@context\":\"https:\\\/\\\/schema.org\",\"@graph\":[{\"@type\":\"WebPage\",\"@id\":\"https:\\\/\\\/www.cranio-room.com\\\/de\\\/ueber-mich\\\/\",\"url\":\"https:\\\/\\\/www.cranio-room.com\\\/de\\\/ueber-mich\\\/\",\"name\":\"\u00dcber mich - Barbara von Freytag | Craniosacrale K\u00f6rperarbeit in Berlin\",\"isPartOf\":{\"@id\":\"https:\\\/\\\/www.cranio-room.com\\\/#website\"},\"primaryImageOfPage\":{\"@id\":\"https:\\\/\\\/www.cranio-room.com\\\/de\\\/ueber-mich\\\/#primaryimage\"},\"image\":{\"@id\":\"https:\\\/\\\/www.cranio-room.com\\\/de\\\/ueber-mich\\\/#primaryimage\"},\"thumbnailUrl\":\"https:\\\/\\\/www.cranio-room.com\\\/wp-content\\\/uploads\\\/2021\\\/02\\\/barbaravonfreytag.png\",\"datePublished\":\"2021-02-17T07:45:41+00:00\",\"dateModified\":\"2021-03-29T09:20:09+00:00\",\"description\":\"\u00dcber mich - Craniosacrale K\u00f6rperarbeit | sanfte manuelle Ber\u00fchrung zur L\u00f6sung tieferer K\u00f6rperspannungen & eingeschr\u00e4nkter Energiefelder\",\"breadcrumb\":{\"@id\":\"https:\\\/\\\/www.cranio-room.com\\\/de\\\/ueber-mich\\\/#breadcrumb\"},\"inLanguage\":\"de-DE\",\"potentialAction\":[{\"@type\":\"ReadAction\",\"target\":[\"https:\\\/\\\/www.cranio-room.com\\\/de\\\/ueber-mich\\\/\"]}]},{\"@type\":\"ImageObject\",\"inLanguage\":\"de-DE\",\"@id\":\"https:\\\/\\\/www.cranio-room.com\\\/de\\\/ueber-mich\\\/#primaryimage\",\"url\":\"https:\\\/\\\/www.cranio-room.com\\\/wp-content\\\/uploads\\\/2021\\\/02\\\/barbaravonfreytag.png\",\"contentUrl\":\"https:\\\/\\\/www.cranio-room.com\\\/wp-content\\\/uploads\\\/2021\\\/02\\\/barbaravonfreytag.png\",\"width\":935,\"height\":460,\"caption\":\"Barbara von Freytag\"},{\"@type\":\"BreadcrumbList\",\"@id\":\"https:\\\/\\\/www.cranio-room.com\\\/de\\\/ueber-mich\\\/#breadcrumb\",\"itemListElement\":[{\"@type\":\"ListItem\",\"position\":1,\"name\":\"Startseite\",\"item\":\"https:\\\/\\\/www.cranio-room.com\\\/de\\\/\"},{\"@type\":\"ListItem\",\"position\":2,\"name\":\"\u00dcber mich\"}]},{\"@type\":\"WebSite\",\"@id\":\"https:\\\/\\\/www.cranio-room.com\\\/#website\",\"url\":\"https:\\\/\\\/www.cranio-room.com\\\/\",\"name\":\"Cranio Room\",\"description\":\"Barbara von Freytag | Cranio Room\",\"publisher\":{\"@id\":\"https:\\\/\\\/www.cranio-room.com\\\/#\\\/schema\\\/person\\\/9885151246b8c7a4f807e339b6c72f99\"},\"potentialAction\":[{\"@type\":\"SearchAction\",\"target\":{\"@type\":\"EntryPoint\",\"urlTemplate\":\"https:\\\/\\\/www.cranio-room.com\\\/?s={search_term_string}\"},\"query-input\":{\"@type\":\"PropertyValueSpecification\",\"valueRequired\":true,\"valueName\":\"search_term_string\"}}],\"inLanguage\":\"de-DE\"},{\"@type\":[\"Person\",\"Organization\"],\"@id\":\"https:\\\/\\\/www.cranio-room.com\\\/#\\\/schema\\\/person\\\/9885151246b8c7a4f807e339b6c72f99\",\"name\":\"stephanie\",\"image\":{\"@type\":\"ImageObject\",\"inLanguage\":\"de-DE\",\"@id\":\"https:\\\/\\\/www.cranio-room.com\\\/wp-content\\\/uploads\\\/2021\\\/02\\\/craniosacral_logo.png\",\"url\":\"https:\\\/\\\/www.cranio-room.com\\\/wp-content\\\/uploads\\\/2021\\\/02\\\/craniosacral_logo.png\",\"contentUrl\":\"https:\\\/\\\/www.cranio-room.com\\\/wp-content\\\/uploads\\\/2021\\\/02\\\/craniosacral_logo.png\",\"width\":174,\"height\":175,\"caption\":\"stephanie\"},\"logo\":{\"@id\":\"https:\\\/\\\/www.cranio-room.com\\\/wp-content\\\/uploads\\\/2021\\\/02\\\/craniosacral_logo.png\"}}]}<\/script>\n<!-- \/ Yoast SEO plugin. -->","yoast_head_json":{"title":"\u00dcber mich - Barbara von Freytag | Craniosacrale K\u00f6rperarbeit in Berlin","description":"\u00dcber mich - Craniosacrale K\u00f6rperarbeit | sanfte manuelle Ber\u00fchrung zur L\u00f6sung tieferer K\u00f6rperspannungen & eingeschr\u00e4nkter Energiefelder","robots":{"index":"index","follow":"follow","max-snippet":"max-snippet:-1","max-image-preview":"max-image-preview:large","max-video-preview":"max-video-preview:-1"},"canonical":"https:\/\/www.cranio-room.com\/de\/ueber-mich\/","og_locale":"de_DE","og_type":"article","og_title":"\u00dcber mich - Barbara von Freytag | Craniosacrale K\u00f6rperarbeit in Berlin","og_description":"\u00dcber mich - Craniosacrale K\u00f6rperarbeit | sanfte manuelle Ber\u00fchrung zur L\u00f6sung tieferer K\u00f6rperspannungen & eingeschr\u00e4nkter Energiefelder","og_url":"https:\/\/www.cranio-room.com\/de\/ueber-mich\/","og_site_name":"Cranio Room","article_modified_time":"2021-03-29T09:20:09+00:00","og_image":[{"width":935,"height":460,"url":"https:\/\/www.cranio-room.com\/wp-content\/uploads\/2021\/02\/barbaravonfreytag.png","type":"image\/png"}],"twitter_card":"summary_large_image","twitter_misc":{"Gesch\u00e4tzte Lesezeit":"2\u00a0Minuten"},"schema":{"@context":"https:\/\/schema.org","@graph":[{"@type":"WebPage","@id":"https:\/\/www.cranio-room.com\/de\/ueber-mich\/","url":"https:\/\/www.cranio-room.com\/de\/ueber-mich\/","name":"\u00dcber mich - Barbara von Freytag | Craniosacrale K\u00f6rperarbeit in Berlin","isPartOf":{"@id":"https:\/\/www.cranio-room.com\/#website"},"primaryImageOfPage":{"@id":"https:\/\/www.cranio-room.com\/de\/ueber-mich\/#primaryimage"},"image":{"@id":"https:\/\/www.cranio-room.com\/de\/ueber-mich\/#primaryimage"},"thumbnailUrl":"https:\/\/www.cranio-room.com\/wp-content\/uploads\/2021\/02\/barbaravonfreytag.png","datePublished":"2021-02-17T07:45:41+00:00","dateModified":"2021-03-29T09:20:09+00:00","description":"\u00dcber mich - Craniosacrale K\u00f6rperarbeit | sanfte manuelle Ber\u00fchrung zur L\u00f6sung tieferer K\u00f6rperspannungen & eingeschr\u00e4nkter Energiefelder","breadcrumb":{"@id":"https:\/\/www.cranio-room.com\/de\/ueber-mich\/#breadcrumb"},"inLanguage":"de-DE","potentialAction":[{"@type":"ReadAction","target":["https:\/\/www.cranio-room.com\/de\/ueber-mich\/"]}]},{"@type":"ImageObject","inLanguage":"de-DE","@id":"https:\/\/www.cranio-room.com\/de\/ueber-mich\/#primaryimage","url":"https:\/\/www.cranio-room.com\/wp-content\/uploads\/2021\/02\/barbaravonfreytag.png","contentUrl":"https:\/\/www.cranio-room.com\/wp-content\/uploads\/2021\/02\/barbaravonfreytag.png","width":935,"height":460,"caption":"Barbara von Freytag"},{"@type":"BreadcrumbList","@id":"https:\/\/www.cranio-room.com\/de\/ueber-mich\/#breadcrumb","itemListElement":[{"@type":"ListItem","position":1,"name":"Startseite","item":"https:\/\/www.cranio-room.com\/de\/"},{"@type":"ListItem","position":2,"name":"\u00dcber mich"}]},{"@type":"WebSite","@id":"https:\/\/www.cranio-room.com\/#website","url":"https:\/\/www.cranio-room.com\/","name":"Cranio Room","description":"Barbara von Freytag | Cranio Room","publisher":{"@id":"https:\/\/www.cranio-room.com\/#\/schema\/person\/9885151246b8c7a4f807e339b6c72f99"},"potentialAction":[{"@type":"SearchAction","target":{"@type":"EntryPoint","urlTemplate":"https:\/\/www.cranio-room.com\/?s={search_term_string}"},"query-input":{"@type":"PropertyValueSpecification","valueRequired":true,"valueName":"search_term_string"}}],"inLanguage":"de-DE"},{"@type":["Person","Organization"],"@id":"https:\/\/www.cranio-room.com\/#\/schema\/person\/9885151246b8c7a4f807e339b6c72f99","name":"stephanie","image":{"@type":"ImageObject","inLanguage":"de-DE","@id":"https:\/\/www.cranio-room.com\/wp-content\/uploads\/2021\/02\/craniosacral_logo.png","url":"https:\/\/www.cranio-room.com\/wp-content\/uploads\/2021\/02\/craniosacral_logo.png","contentUrl":"https:\/\/www.cranio-room.com\/wp-content\/uploads\/2021\/02\/craniosacral_logo.png","width":174,"height":175,"caption":"stephanie"},"logo":{"@id":"https:\/\/www.cranio-room.com\/wp-content\/uploads\/2021\/02\/craniosacral_logo.png"}}]}},"_links":{"self":[{"href":"https:\/\/www.cranio-room.com\/de\/wp-json\/wp\/v2\/pages\/42","targetHints":{"allow":["GET"]}}],"collection":[{"href":"https:\/\/www.cranio-room.com\/de\/wp-json\/wp\/v2\/pages"}],"about":[{"href":"https:\/\/www.cranio-room.com\/de\/wp-json\/wp\/v2\/types\/page"}],"author":[{"embeddable":true,"href":"https:\/\/www.cranio-room.com\/de\/wp-json\/wp\/v2\/users\/1"}],"replies":[{"embeddable":true,"href":"https:\/\/www.cranio-room.com\/de\/wp-json\/wp\/v2\/comments?post=42"}],"version-history":[{"count":11,"href":"https:\/\/www.cranio-room.com\/de\/wp-json\/wp\/v2\/pages\/42\/revisions"}],"predecessor-version":[{"id":246,"href":"https:\/\/www.cranio-room.com\/de\/wp-json\/wp\/v2\/pages\/42\/revisions\/246"}],"wp:featuredmedia":[{"embeddable":true,"href":"https:\/\/www.cranio-room.com\/de\/wp-json\/wp\/v2\/media\/15"}],"wp:attachment":[{"href":"https:\/\/www.cranio-room.com\/de\/wp-json\/wp\/v2\/media?parent=42"}],"curies":[{"name":"wp","href":"https:\/\/api.w.org\/{rel}","templated":true}]}}